{"id":746,"date":"2023-12-19T14:49:35","date_gmt":"2023-12-19T17:49:35","guid":{"rendered":"https:\/\/proyate.art\/?post_type=equipe&#038;p=746"},"modified":"2024-01-15T14:10:29","modified_gmt":"2024-01-15T17:10:29","slug":"leonardo-caire","status":"publish","type":"equipe","link":"https:\/\/proyate.art\/en\/equipe\/leonardo-caire\/","title":{"rendered":"Leonardo Caire"},"content":{"rendered":"<p>Filho de artistas pl\u00e1sticos, desde muito cedo teve contato com a m\u00fasica e com as artes. Leonardo Caire come\u00e7ou os estudos musicais com a bateria popular, instrumento pelo qual explorou diversas linguagens musicais, como o jazz e o rock. Afim de ampliar o leque de experi\u00eancias musicais migrou para a percuss\u00e3o erudita. Aos 19 anos ingressou na prestigiada Academia de M\u00fasica da Orquestra Sinf\u00f4nica do Estado de S\u00e3o Paulo (OSESP) onde obteve seu diploma no curso de especializa\u00e7\u00e3o e pr\u00e1tica profissional em percuss\u00e3o orquestral.<\/p>\n<p>Com uma s\u00f3lida carreira nacional e internacional, Leonardo tocou com grupos sinf\u00f4nicos de renome no Brasil, como a Orquestra Sinf\u00f4nica do Estado de S\u00e3o Paulo (OSESP), Orquestra Sinf\u00f4nica Brasileira (OSB, Rio de Janeiro) e Filarm\u00f4nica de Minas Gerais. Al\u00e9m de conceituados grupos europeus como a orquestra Philharmonie S\u00fcdwestfalen (Alemanha), Orquestra Sinf\u00f4nica da Antu\u00e9rpia (B\u00e9lgica), Kammer Oper K\u00f6ln (KOK, Col\u00f4nia, Alemanha), Kammerphilharmonie Europa (Alemanha), Sinf\u00f4nica de Oviedo (Espanha), Coletivo Subbotnik (D\u00fcsseldorf, Alemanha), Coletivo AxisModula (Estrasburgo, Fran\u00e7a), Latin Orchestra of Europe (LOE, Alemanha), entre outros. J\u00e1 dividiu palco com grandes m\u00fasicos como, Emmanuel Pahud, Nelson Freire, Yo-Yo Ma, Joshua Bell, Antonio Meneses e maestros como Alondra de La Parra, Fr\u00fchbeck de Burgos, Yan Pascal Tortelier, Marin Alsop, Neil Thomson, Elim Chan, entre outros. Tamb\u00e9m tocou ao lado de importantes \u00edcones da m\u00fasica popular brasileira como, Lenine, Alceu Valen\u00e7a, Frejat, Morais Moreira, M\u00f4nica Salmaso, entre outros.<\/p>\n<p>Atualmente vive entre o Brasil e a Alemanha, com a finalidade de viabilizar parcerias e iniciativas culturais internacionais. Atualmente cursa o mestrado em t\u00edmpanos e percuss\u00e3o na prestigiada e tradicional Hochsch\u00fcle f\u00fcr Musik und Tanz K\u00f6ln (Col\u00f4nia, Alemanha)<\/p>\n","protected":false},"featured_media":765,"template":"","yoast_head":"<!-- This site is optimized with the Yoast SEO plugin v21.8 - https:\/\/yoast.com\/wordpress\/plugins\/seo\/ -->\n<title>Leonardo Caire - PROYAT\u00ca<\/title>\n<meta name=\"robots\" content=\"index, follow, max-snippet:-1, max-image-preview:large, max-video-preview:-1\" \/>\n<link rel=\"canonical\" href=\"https:\/\/proyate.art\/en\/equipe\/leonardo-caire\/\" \/>\n<meta property=\"og:locale\" content=\"en_US\" \/>\n<meta property=\"og:type\" content=\"article\" \/>\n<meta property=\"og:title\" content=\"Leonardo Caire - PROYAT\u00ca\" \/>\n<meta property=\"og:description\" content=\"Filho de artistas pl\u00e1sticos, desde muito cedo teve contato com a m\u00fasica e com as artes. Leonardo Caire come\u00e7ou os estudos musicais com a bateria popular, instrumento pelo qual explorou diversas linguagens musicais, como o jazz e o rock. Afim de ampliar o leque de experi\u00eancias musicais migrou para a percuss\u00e3o erudita. Aos 19 anos [&hellip;]\" \/>\n<meta property=\"og:url\" content=\"https:\/\/proyate.art\/en\/equipe\/leonardo-caire\/\" \/>\n<meta property=\"og:site_name\" content=\"PROYAT\u00ca\" \/>\n<meta property=\"article:modified_time\" content=\"2024-01-15T17:10:29+00:00\" \/>\n<meta property=\"og:image\" content=\"https:\/\/proyate.art\/wp-content\/uploads\/2023\/12\/Leonardo-Caire.png\" \/>\n\t<meta property=\"og:image:width\" content=\"180\" \/>\n\t<meta property=\"og:image:height\" content=\"180\" \/>\n\t<meta property=\"og:image:type\" content=\"image\/png\" \/>\n<meta name=\"twitter:card\" content=\"summary_large_image\" \/>\n<meta name=\"twitter:label1\" content=\"Est. reading time\" \/>\n\t<meta name=\"twitter:data1\" content=\"2 minutes\" \/>\n<script type=\"application\/ld+json\" class=\"yoast-schema-graph\">{\"@context\":\"https:\/\/schema.org\",\"@graph\":[{\"@type\":\"WebPage\",\"@id\":\"https:\/\/proyate.art\/equipe\/leonardo-caire\/\",\"url\":\"https:\/\/proyate.art\/equipe\/leonardo-caire\/\",\"name\":\"Leonardo Caire - PROYAT\u00ca\",\"isPartOf\":{\"@id\":\"https:\/\/proyate.art\/#website\"},\"datePublished\":\"2023-12-19T17:49:35+00:00\",\"dateModified\":\"2024-01-15T17:10:29+00:00\",\"breadcrumb\":{\"@id\":\"https:\/\/proyate.art\/equipe\/leonardo-caire\/#breadcrumb\"},\"inLanguage\":\"en-US\",\"potentialAction\":[{\"@type\":\"ReadAction\",\"target\":[\"https:\/\/proyate.art\/equipe\/leonardo-caire\/\"]}]},{\"@type\":\"BreadcrumbList\",\"@id\":\"https:\/\/proyate.art\/equipe\/leonardo-caire\/#breadcrumb\",\"itemListElement\":[{\"@type\":\"ListItem\",\"position\":1,\"name\":\"Equipe\",\"item\":\"https:\/\/proyate.art\/en\/team\/\"},{\"@type\":\"ListItem\",\"position\":2,\"name\":\"Leonardo Caire\"}]},{\"@type\":\"WebSite\",\"@id\":\"https:\/\/proyate.art\/#website\",\"url\":\"https:\/\/proyate.art\/\",\"name\":\"PROYAT\u00ca\",\"description\":\"\",\"publisher\":{\"@id\":\"https:\/\/proyate.art\/#organization\"},\"potentialAction\":[{\"@type\":\"SearchAction\",\"target\":{\"@type\":\"EntryPoint\",\"urlTemplate\":\"https:\/\/proyate.art\/?s={search_term_string}\"},\"query-input\":\"required name=search_term_string\"}],\"inLanguage\":\"en-US\"},{\"@type\":\"Organization\",\"@id\":\"https:\/\/proyate.art\/#organization\",\"name\":\"PROYAT\u00ca\",\"url\":\"https:\/\/proyate.art\/\",\"logo\":{\"@type\":\"ImageObject\",\"inLanguage\":\"en-US\",\"@id\":\"https:\/\/proyate.art\/#\/schema\/logo\/image\/\",\"url\":\"https:\/\/proyate.art\/wp-content\/uploads\/2023\/10\/home-logo-footer.png\",\"contentUrl\":\"https:\/\/proyate.art\/wp-content\/uploads\/2023\/10\/home-logo-footer.png\",\"width\":334,\"height\":140,\"caption\":\"PROYAT\u00ca\"},\"image\":{\"@id\":\"https:\/\/proyate.art\/#\/schema\/logo\/image\/\"}}]}<\/script>\n<!-- \/ Yoast SEO plugin. -->","yoast_head_json":{"title":"Leonardo Caire - PROYAT\u00ca","robots":{"index":"index","follow":"follow","max-snippet":"max-snippet:-1","max-image-preview":"max-image-preview:large","max-video-preview":"max-video-preview:-1"},"canonical":"https:\/\/proyate.art\/en\/equipe\/leonardo-caire\/","og_locale":"en_US","og_type":"article","og_title":"Leonardo Caire - PROYAT\u00ca","og_description":"Filho de artistas pl\u00e1sticos, desde muito cedo teve contato com a m\u00fasica e com as artes. Leonardo Caire come\u00e7ou os estudos musicais com a bateria popular, instrumento pelo qual explorou diversas linguagens musicais, como o jazz e o rock. Afim de ampliar o leque de experi\u00eancias musicais migrou para a percuss\u00e3o erudita. Aos 19 anos [&hellip;]","og_url":"https:\/\/proyate.art\/en\/equipe\/leonardo-caire\/","og_site_name":"PROYAT\u00ca","article_modified_time":"2024-01-15T17:10:29+00:00","og_image":[{"width":180,"height":180,"url":"https:\/\/proyate.art\/wp-content\/uploads\/2023\/12\/Leonardo-Caire.png","type":"image\/png"}],"twitter_card":"summary_large_image","twitter_misc":{"Est. reading time":"2 minutes"},"schema":{"@context":"https:\/\/schema.org","@graph":[{"@type":"WebPage","@id":"https:\/\/proyate.art\/equipe\/leonardo-caire\/","url":"https:\/\/proyate.art\/equipe\/leonardo-caire\/","name":"Leonardo Caire - PROYAT\u00ca","isPartOf":{"@id":"https:\/\/proyate.art\/#website"},"datePublished":"2023-12-19T17:49:35+00:00","dateModified":"2024-01-15T17:10:29+00:00","breadcrumb":{"@id":"https:\/\/proyate.art\/equipe\/leonardo-caire\/#breadcrumb"},"inLanguage":"en-US","potentialAction":[{"@type":"ReadAction","target":["https:\/\/proyate.art\/equipe\/leonardo-caire\/"]}]},{"@type":"BreadcrumbList","@id":"https:\/\/proyate.art\/equipe\/leonardo-caire\/#breadcrumb","itemListElement":[{"@type":"ListItem","position":1,"name":"Equipe","item":"https:\/\/proyate.art\/en\/team\/"},{"@type":"ListItem","position":2,"name":"Leonardo Caire"}]},{"@type":"WebSite","@id":"https:\/\/proyate.art\/#website","url":"https:\/\/proyate.art\/","name":"PROYAT\u00ca","description":"","publisher":{"@id":"https:\/\/proyate.art\/#organization"},"potentialAction":[{"@type":"SearchAction","target":{"@type":"EntryPoint","urlTemplate":"https:\/\/proyate.art\/?s={search_term_string}"},"query-input":"required name=search_term_string"}],"inLanguage":"en-US"},{"@type":"Organization","@id":"https:\/\/proyate.art\/#organization","name":"PROYAT\u00ca","url":"https:\/\/proyate.art\/","logo":{"@type":"ImageObject","inLanguage":"en-US","@id":"https:\/\/proyate.art\/#\/schema\/logo\/image\/","url":"https:\/\/proyate.art\/wp-content\/uploads\/2023\/10\/home-logo-footer.png","contentUrl":"https:\/\/proyate.art\/wp-content\/uploads\/2023\/10\/home-logo-footer.png","width":334,"height":140,"caption":"PROYAT\u00ca"},"image":{"@id":"https:\/\/proyate.art\/#\/schema\/logo\/image\/"}}]}},"_links":{"self":[{"href":"https:\/\/proyate.art\/en\/wp-json\/wp\/v2\/equipe\/746"}],"collection":[{"href":"https:\/\/proyate.art\/en\/wp-json\/wp\/v2\/equipe"}],"about":[{"href":"https:\/\/proyate.art\/en\/wp-json\/wp\/v2\/types\/equipe"}],"wp:featuredmedia":[{"embeddable":true,"href":"https:\/\/proyate.art\/en\/wp-json\/wp\/v2\/media\/765"}],"wp:attachment":[{"href":"https:\/\/proyate.art\/en\/wp-json\/wp\/v2\/media?parent=746"}],"curies":[{"name":"wp","href":"https:\/\/api.w.org\/{rel}","templated":true}]}}