{"id":749,"date":"2023-12-19T14:51:07","date_gmt":"2023-12-19T17:51:07","guid":{"rendered":"https:\/\/proyate.art\/?post_type=equipe&#038;p=749"},"modified":"2023-12-21T10:06:33","modified_gmt":"2023-12-21T13:06:33","slug":"elisa-moreira","status":"publish","type":"equipe","link":"https:\/\/proyate.art\/en\/equipe\/elisa-moreira\/","title":{"rendered":"Elisa Moreira"},"content":{"rendered":"<p>Elisa Moreira Ferreira, nascida em Goi\u00e2nia, Goi\u00e1s, formada em pedagogia pela Universidade Federal de Goi\u00e1s em 2021, teve a oportunidade de estagiar no Centro de Ensino e Pesquisa Aplicada \u00e0 Educa\u00e7\u00e3o com um turma de 2\u00ba ano onde, junto de duas colegas, elaborou e desenvolveu o projeto \u201cOs diferentes quadrinhos da vida\u201d. Estagiou na institui\u00e7\u00e3o privada Educand\u00e1rio Vila Boa em 2018, em que trabalhou com turmas de educa\u00e7\u00e3o infantil, acompanhou crian\u00e7as com desafios de aprendizagem, e transtornos do neuro aprendizado, participou do projeto de recrea\u00e7\u00e3o na ala pedi\u00e1trica no Hospital das Cl\u00ednicas, com crian\u00e7as em fase de tratamento.<\/p>\n<p>No \u00faltimo ano de sua gradua\u00e7\u00e3o ocorreu o per\u00edodo pand\u00eamico. Elisa estagiou neste per\u00edodo de modo remoto, no Departamento de Educa\u00e7\u00e3o Infantil da UFG, o que permitiu familiaridade a tecnologias de ensino e di\u00e1logo sobre educa\u00e7\u00e3o e tecnologia, ferramentas pedag\u00f3gicas e din\u00e2micas de ensino remoto. Em fun\u00e7\u00e3o do isolamento social e fechamento das escolas e com\u00e9rcios, Elisa teve a oportunidade de atuar na \u00e1rea hospitalar. Compondo a equipe administrativa de engenharia cl\u00ednica da empresa Prestec Hospitalar, mais especificamente contribuindo com a \u00e1rea de planos de gest\u00e3o de tecnologias. Atuando em diferentes unidades hospitalares. Em decorr\u00eancia dessa atua\u00e7\u00e3o profissional iniciou em 2022 a especializa\u00e7\u00e3o em Engenharia Cl\u00ednica para aprimorar seus conhecimentos na \u00e1rea de atua\u00e7\u00e3o atual. Obteve em 2022 a proposta da Rede MaterDei de Sa\u00fade, para atuar na unidade Hospital premium, primeira unidade adquirida em Goi\u00e2nia pela rede hospitalar, em que, para al\u00e9m da engenharia cl\u00ednica, foi poss\u00edvel desenvolver atividades com colaborativas com a educa\u00e7\u00e3o corporativa, como treinamentos operacionais para manuseio de tecnologias hospitalares e o programa de integra\u00e7\u00e3o de novos colaboradores. Dado a experi\u00eancias de est\u00e1gio, e o interesse pela \u00e1rea de inclus\u00e3o, iniciou a especializa\u00e7\u00e3o em Psicopedagogia Institucional e Cl\u00ednica. Foi em outubro de 2023 que Elisa retornou \u00e0 \u00e1rea escolar, se tornando Professora de Apoio \u00e0 Inclus\u00e3o Escolar na Escola do Futuro de Goi\u00e1s &#8211; Unidade Jos\u00e9 Luiz Bittencourt.<\/p>\n","protected":false},"featured_media":762,"template":"","yoast_head":"<!-- This site is optimized with the Yoast SEO plugin v21.8 - https:\/\/yoast.com\/wordpress\/plugins\/seo\/ -->\n<title>Elisa Moreira - PROYAT\u00ca<\/title>\n<meta name=\"robots\" content=\"index, follow, max-snippet:-1, max-image-preview:large, max-video-preview:-1\" \/>\n<link rel=\"canonical\" href=\"https:\/\/proyate.art\/en\/equipe\/elisa-moreira\/\" \/>\n<meta property=\"og:locale\" content=\"en_US\" \/>\n<meta property=\"og:type\" content=\"article\" \/>\n<meta property=\"og:title\" content=\"Elisa Moreira - PROYAT\u00ca\" \/>\n<meta property=\"og:description\" content=\"Elisa Moreira Ferreira, nascida em Goi\u00e2nia, Goi\u00e1s, formada em pedagogia pela Universidade Federal de Goi\u00e1s em 2021, teve a oportunidade de estagiar no Centro de Ensino e Pesquisa Aplicada \u00e0 Educa\u00e7\u00e3o com um turma de 2\u00ba ano onde, junto de duas colegas, elaborou e desenvolveu o projeto \u201cOs diferentes quadrinhos da vida\u201d. Estagiou na institui\u00e7\u00e3o [&hellip;]\" \/>\n<meta property=\"og:url\" content=\"https:\/\/proyate.art\/en\/equipe\/elisa-moreira\/\" \/>\n<meta property=\"og:site_name\" content=\"PROYAT\u00ca\" \/>\n<meta property=\"article:modified_time\" content=\"2023-12-21T13:06:33+00:00\" \/>\n<meta property=\"og:image\" content=\"https:\/\/proyate.art\/wp-content\/uploads\/2023\/12\/Elisa-Moreira.png\" \/>\n\t<meta property=\"og:image:width\" content=\"180\" \/>\n\t<meta property=\"og:image:height\" content=\"180\" \/>\n\t<meta property=\"og:image:type\" content=\"image\/png\" \/>\n<meta name=\"twitter:card\" content=\"summary_large_image\" \/>\n<meta name=\"twitter:label1\" content=\"Est. reading time\" \/>\n\t<meta name=\"twitter:data1\" content=\"2 minutes\" \/>\n<script type=\"application\/ld+json\" class=\"yoast-schema-graph\">{\"@context\":\"https:\/\/schema.org\",\"@graph\":[{\"@type\":\"WebPage\",\"@id\":\"https:\/\/proyate.art\/equipe\/elisa-moreira\/\",\"url\":\"https:\/\/proyate.art\/equipe\/elisa-moreira\/\",\"name\":\"Elisa Moreira - PROYAT\u00ca\",\"isPartOf\":{\"@id\":\"https:\/\/proyate.art\/#website\"},\"datePublished\":\"2023-12-19T17:51:07+00:00\",\"dateModified\":\"2023-12-21T13:06:33+00:00\",\"breadcrumb\":{\"@id\":\"https:\/\/proyate.art\/equipe\/elisa-moreira\/#breadcrumb\"},\"inLanguage\":\"en-US\",\"potentialAction\":[{\"@type\":\"ReadAction\",\"target\":[\"https:\/\/proyate.art\/equipe\/elisa-moreira\/\"]}]},{\"@type\":\"BreadcrumbList\",\"@id\":\"https:\/\/proyate.art\/equipe\/elisa-moreira\/#breadcrumb\",\"itemListElement\":[{\"@type\":\"ListItem\",\"position\":1,\"name\":\"Equipe\",\"item\":\"https:\/\/proyate.art\/en\/team\/\"},{\"@type\":\"ListItem\",\"position\":2,\"name\":\"Elisa Moreira\"}]},{\"@type\":\"WebSite\",\"@id\":\"https:\/\/proyate.art\/#website\",\"url\":\"https:\/\/proyate.art\/\",\"name\":\"PROYAT\u00ca\",\"description\":\"\",\"publisher\":{\"@id\":\"https:\/\/proyate.art\/#organization\"},\"potentialAction\":[{\"@type\":\"SearchAction\",\"target\":{\"@type\":\"EntryPoint\",\"urlTemplate\":\"https:\/\/proyate.art\/?s={search_term_string}\"},\"query-input\":\"required name=search_term_string\"}],\"inLanguage\":\"en-US\"},{\"@type\":\"Organization\",\"@id\":\"https:\/\/proyate.art\/#organization\",\"name\":\"PROYAT\u00ca\",\"url\":\"https:\/\/proyate.art\/\",\"logo\":{\"@type\":\"ImageObject\",\"inLanguage\":\"en-US\",\"@id\":\"https:\/\/proyate.art\/#\/schema\/logo\/image\/\",\"url\":\"https:\/\/proyate.art\/wp-content\/uploads\/2023\/10\/home-logo-footer.png\",\"contentUrl\":\"https:\/\/proyate.art\/wp-content\/uploads\/2023\/10\/home-logo-footer.png\",\"width\":334,\"height\":140,\"caption\":\"PROYAT\u00ca\"},\"image\":{\"@id\":\"https:\/\/proyate.art\/#\/schema\/logo\/image\/\"}}]}<\/script>\n<!-- \/ Yoast SEO plugin. -->","yoast_head_json":{"title":"Elisa Moreira - PROYAT\u00ca","robots":{"index":"index","follow":"follow","max-snippet":"max-snippet:-1","max-image-preview":"max-image-preview:large","max-video-preview":"max-video-preview:-1"},"canonical":"https:\/\/proyate.art\/en\/equipe\/elisa-moreira\/","og_locale":"en_US","og_type":"article","og_title":"Elisa Moreira - PROYAT\u00ca","og_description":"Elisa Moreira Ferreira, nascida em Goi\u00e2nia, Goi\u00e1s, formada em pedagogia pela Universidade Federal de Goi\u00e1s em 2021, teve a oportunidade de estagiar no Centro de Ensino e Pesquisa Aplicada \u00e0 Educa\u00e7\u00e3o com um turma de 2\u00ba ano onde, junto de duas colegas, elaborou e desenvolveu o projeto \u201cOs diferentes quadrinhos da vida\u201d. Estagiou na institui\u00e7\u00e3o [&hellip;]","og_url":"https:\/\/proyate.art\/en\/equipe\/elisa-moreira\/","og_site_name":"PROYAT\u00ca","article_modified_time":"2023-12-21T13:06:33+00:00","og_image":[{"width":180,"height":180,"url":"https:\/\/proyate.art\/wp-content\/uploads\/2023\/12\/Elisa-Moreira.png","type":"image\/png"}],"twitter_card":"summary_large_image","twitter_misc":{"Est. reading time":"2 minutes"},"schema":{"@context":"https:\/\/schema.org","@graph":[{"@type":"WebPage","@id":"https:\/\/proyate.art\/equipe\/elisa-moreira\/","url":"https:\/\/proyate.art\/equipe\/elisa-moreira\/","name":"Elisa Moreira - PROYAT\u00ca","isPartOf":{"@id":"https:\/\/proyate.art\/#website"},"datePublished":"2023-12-19T17:51:07+00:00","dateModified":"2023-12-21T13:06:33+00:00","breadcrumb":{"@id":"https:\/\/proyate.art\/equipe\/elisa-moreira\/#breadcrumb"},"inLanguage":"en-US","potentialAction":[{"@type":"ReadAction","target":["https:\/\/proyate.art\/equipe\/elisa-moreira\/"]}]},{"@type":"BreadcrumbList","@id":"https:\/\/proyate.art\/equipe\/elisa-moreira\/#breadcrumb","itemListElement":[{"@type":"ListItem","position":1,"name":"Equipe","item":"https:\/\/proyate.art\/en\/team\/"},{"@type":"ListItem","position":2,"name":"Elisa Moreira"}]},{"@type":"WebSite","@id":"https:\/\/proyate.art\/#website","url":"https:\/\/proyate.art\/","name":"PROYAT\u00ca","description":"","publisher":{"@id":"https:\/\/proyate.art\/#organization"},"potentialAction":[{"@type":"SearchAction","target":{"@type":"EntryPoint","urlTemplate":"https:\/\/proyate.art\/?s={search_term_string}"},"query-input":"required name=search_term_string"}],"inLanguage":"en-US"},{"@type":"Organization","@id":"https:\/\/proyate.art\/#organization","name":"PROYAT\u00ca","url":"https:\/\/proyate.art\/","logo":{"@type":"ImageObject","inLanguage":"en-US","@id":"https:\/\/proyate.art\/#\/schema\/logo\/image\/","url":"https:\/\/proyate.art\/wp-content\/uploads\/2023\/10\/home-logo-footer.png","contentUrl":"https:\/\/proyate.art\/wp-content\/uploads\/2023\/10\/home-logo-footer.png","width":334,"height":140,"caption":"PROYAT\u00ca"},"image":{"@id":"https:\/\/proyate.art\/#\/schema\/logo\/image\/"}}]}},"_links":{"self":[{"href":"https:\/\/proyate.art\/en\/wp-json\/wp\/v2\/equipe\/749"}],"collection":[{"href":"https:\/\/proyate.art\/en\/wp-json\/wp\/v2\/equipe"}],"about":[{"href":"https:\/\/proyate.art\/en\/wp-json\/wp\/v2\/types\/equipe"}],"wp:featuredmedia":[{"embeddable":true,"href":"https:\/\/proyate.art\/en\/wp-json\/wp\/v2\/media\/762"}],"wp:attachment":[{"href":"https:\/\/proyate.art\/en\/wp-json\/wp\/v2\/media?parent=749"}],"curies":[{"name":"wp","href":"https:\/\/api.w.org\/{rel}","templated":true}]}}